{"id":409,"date":"2021-03-17T13:27:34","date_gmt":"2021-03-17T12:27:34","guid":{"rendered":"https:\/\/bpf.flaw.uniba.sk\/?page_id=409"},"modified":"2024-09-05T10:14:35","modified_gmt":"2024-09-05T08:14:35","slug":"sekcia-prava_it_a_pdv","status":"publish","type":"page","link":"https:\/\/bpf2024.flaw.uniba.sk\/en\/sekcia-prava_it_a_pdv\/","title":{"rendered":"Information Technology Law and Intellectual Property Law Section"},"content":{"rendered":"<h2 class=\"wp-block-heading alignwide has-text-align-center\">Law and Technology in the 21st Century through the Lens of European Law<\/h2>\n\n\n\n<p class=\"has-drop-cap\">The session will focus on the complex and dynamic relationship between law and technology in the contemporary world. Key issues related to the impact of technological advances on legal regulation, new challenges in the digital age, the future of regulation, and the ethics of information and communication technologies will be discussed. In particular, the session will focus on the legal aspects of European law, as these regulations cause the so-called Brussels Effect.  Contributions will focus on the regulation of information and communication technologies in various areas such as intellectual property law, cybersecurity, digital services, privacy or e-government services or artificial intelligence.<\/p>\n\n\n\n<p><strong>Guarantors of the section:<\/strong><\/p>\n\n\n\n<p>doc. JUDr. Jozef Andra\u0161ko, PhD.<\/p>\n\n\n\n<p>JUDr. Zolt\u00e1n Gyur\u00e1sz, PhD.<\/p>\n\n\n\n<p><\/p>\n\n\n\n<p class=\"has-text-align-left\"><strong>Professional guarantor of the section:<\/strong><\/p>\n\n\n\n<figure class=\"wp-block-image size-large\"><img fetchpriority=\"high\" decoding=\"async\" width=\"1024\" height=\"235\" src=\"https:\/\/bpf.flaw.uniba.sk\/wp-content\/uploads\/2024\/09\/logo-miiri-farebne-sk-1024x235.png\" alt=\"\" class=\"wp-image-1570\" srcset=\"https:\/\/bpf2024.flaw.uniba.sk\/wp-content\/uploads\/2024\/09\/logo-miiri-farebne-sk-1024x235.png 1024w, https:\/\/bpf2024.flaw.uniba.sk\/wp-content\/uploads\/2024\/09\/logo-miiri-farebne-sk-300x69.png 300w, https:\/\/bpf2024.flaw.uniba.sk\/wp-content\/uploads\/2024\/09\/logo-miiri-farebne-sk-768x176.png 768w, https:\/\/bpf2024.flaw.uniba.sk\/wp-content\/uploads\/2024\/09\/logo-miiri-farebne-sk-1536x353.png 1536w, https:\/\/bpf2024.flaw.uniba.sk\/wp-content\/uploads\/2024\/09\/logo-miiri-farebne-sk-2048x470.png 2048w, https:\/\/bpf2024.flaw.uniba.sk\/wp-content\/uploads\/2024\/09\/logo-miiri-farebne-sk-18x4.png 18w, https:\/\/bpf2024.flaw.uniba.sk\/wp-content\/uploads\/2024\/09\/logo-miiri-farebne-sk-1200x276.png 1200w, https:\/\/bpf2024.flaw.uniba.sk\/wp-content\/uploads\/2024\/09\/logo-miiri-farebne-sk-1980x455.png 1980w\" sizes=\"(max-width: 1024px) 100vw, 1024px\" \/><\/figure>","protected":false},"excerpt":{"rendered":"<p>Pr\u00e1vo a technol\u00f3gie v 21. storo\u010d\u00ed optikou eur\u00f3pskeho pr\u00e1va Sekcia sa zameria na komplexn\u00fd a dynamick\u00fd vz\u0165ah medzi pr\u00e1vom a technol\u00f3giami v s\u00fa\u010dasnom svete. Predmetom diskusie bud\u00fa k\u013e\u00fa\u010dov\u00e9 ot\u00e1zky t\u00fdkaj\u00face sa vplyvu technologick\u00e9ho pokroku na pr\u00e1vne regul\u00e1cie, nov\u00fdch v\u00fdziev v digit\u00e1lnom veku, bud\u00facnosti regul\u00e1cie a etiky informa\u010dn\u00fdch a komunika\u010dn\u00fdch technol\u00f3gi\u00ed. Osobitne sa sekcia bude venova\u0165 [&hellip;]<\/p>\n","protected":false},"author":2,"featured_media":0,"parent":0,"menu_order":0,"comment_status":"closed","ping_status":"closed","template":"","meta":{"ngg_post_thumbnail":0,"footnotes":""},"class_list":["post-409","page","type-page","status-publish","hentry"],"yoast_head":"<!-- This site is optimized with the Yoast SEO plugin v27.2 - https:\/\/yoast.com\/product\/yoast-seo-wordpress\/ -->\n<title>Sekcia pr\u00e1va informa\u010dn\u00fdch technol\u00f3gi\u00ed a pr\u00e1va du\u0161evn\u00e9ho vlastn\u00edctva - BPF<\/title>\n<meta name=\"robots\" content=\"index, follow, max-snippet:-1, max-image-preview:large, max-video-preview:-1\" \/>\n<link rel=\"canonical\" href=\"https:\/\/bpf2024.flaw.uniba.sk\/en\/sekcia-prava_it_a_pdv\/\" \/>\n<meta property=\"og:locale\" content=\"en_US\" \/>\n<meta property=\"og:type\" content=\"article\" \/>\n<meta property=\"og:title\" content=\"Sekcia pr\u00e1va informa\u010dn\u00fdch technol\u00f3gi\u00ed a pr\u00e1va du\u0161evn\u00e9ho vlastn\u00edctva - BPF\" \/>\n<meta property=\"og:description\" content=\"Pr\u00e1vo a technol\u00f3gie v 21. storo\u010d\u00ed optikou eur\u00f3pskeho pr\u00e1va Sekcia sa zameria na komplexn\u00fd a dynamick\u00fd vz\u0165ah medzi pr\u00e1vom a technol\u00f3giami v s\u00fa\u010dasnom svete. Predmetom diskusie bud\u00fa k\u013e\u00fa\u010dov\u00e9 ot\u00e1zky t\u00fdkaj\u00face sa vplyvu technologick\u00e9ho pokroku na pr\u00e1vne regul\u00e1cie, nov\u00fdch v\u00fdziev v digit\u00e1lnom veku, bud\u00facnosti regul\u00e1cie a etiky informa\u010dn\u00fdch a komunika\u010dn\u00fdch technol\u00f3gi\u00ed. Osobitne sa sekcia bude venova\u0165 [&hellip;]\" \/>\n<meta property=\"og:url\" content=\"https:\/\/bpf2024.flaw.uniba.sk\/en\/sekcia-prava_it_a_pdv\/\" \/>\n<meta property=\"og:site_name\" content=\"BPF\" \/>\n<meta property=\"article:modified_time\" content=\"2024-09-05T08:14:35+00:00\" \/>\n<meta property=\"og:image\" content=\"https:\/\/bpf.flaw.uniba.sk\/wp-content\/uploads\/2024\/09\/logo-miiri-farebne-sk-1024x235.png\" \/>\n<meta name=\"twitter:card\" content=\"summary_large_image\" \/>\n<meta name=\"twitter:label1\" content=\"Est. reading time\" \/>\n\t<meta name=\"twitter:data1\" content=\"1 minute\" \/>\n<script type=\"application\/ld+json\" class=\"yoast-schema-graph\">{\"@context\":\"https:\/\/schema.org\",\"@graph\":[{\"@type\":\"WebPage\",\"@id\":\"https:\/\/bpf2024.flaw.uniba.sk\/sekcia-prava_it_a_pdv\/\",\"url\":\"https:\/\/bpf2024.flaw.uniba.sk\/sekcia-prava_it_a_pdv\/\",\"name\":\"Sekcia pr\u00e1va informa\u010dn\u00fdch technol\u00f3gi\u00ed a pr\u00e1va du\u0161evn\u00e9ho vlastn\u00edctva - BPF\",\"isPartOf\":{\"@id\":\"https:\/\/bpf2024.flaw.uniba.sk\/#website\"},\"primaryImageOfPage\":{\"@id\":\"https:\/\/bpf2024.flaw.uniba.sk\/sekcia-prava_it_a_pdv\/#primaryimage\"},\"image\":{\"@id\":\"https:\/\/bpf2024.flaw.uniba.sk\/sekcia-prava_it_a_pdv\/#primaryimage\"},\"thumbnailUrl\":\"https:\/\/bpf.flaw.uniba.sk\/wp-content\/uploads\/2024\/09\/logo-miiri-farebne-sk-1024x235.png\",\"datePublished\":\"2021-03-17T12:27:34+00:00\",\"dateModified\":\"2024-09-05T08:14:35+00:00\",\"breadcrumb\":{\"@id\":\"https:\/\/bpf2024.flaw.uniba.sk\/sekcia-prava_it_a_pdv\/#breadcrumb\"},\"inLanguage\":\"en-US\",\"potentialAction\":[{\"@type\":\"ReadAction\",\"target\":[\"https:\/\/bpf2024.flaw.uniba.sk\/sekcia-prava_it_a_pdv\/\"]}]},{\"@type\":\"ImageObject\",\"inLanguage\":\"en-US\",\"@id\":\"https:\/\/bpf2024.flaw.uniba.sk\/sekcia-prava_it_a_pdv\/#primaryimage\",\"url\":\"https:\/\/bpf.flaw.uniba.sk\/wp-content\/uploads\/2024\/09\/logo-miiri-farebne-sk-1024x235.png\",\"contentUrl\":\"https:\/\/bpf.flaw.uniba.sk\/wp-content\/uploads\/2024\/09\/logo-miiri-farebne-sk-1024x235.png\"},{\"@type\":\"BreadcrumbList\",\"@id\":\"https:\/\/bpf2024.flaw.uniba.sk\/sekcia-prava_it_a_pdv\/#breadcrumb\",\"itemListElement\":[{\"@type\":\"ListItem\",\"position\":1,\"name\":\"Home\",\"item\":\"https:\/\/bpf2024.flaw.uniba.sk\/\"},{\"@type\":\"ListItem\",\"position\":2,\"name\":\"Sekcia pr\u00e1va informa\u010dn\u00fdch technol\u00f3gi\u00ed a pr\u00e1va du\u0161evn\u00e9ho vlastn\u00edctva\"}]},{\"@type\":\"WebSite\",\"@id\":\"https:\/\/bpf2024.flaw.uniba.sk\/#website\",\"url\":\"https:\/\/bpf2024.flaw.uniba.sk\/\",\"name\":\"BPF\",\"description\":\"\",\"publisher\":{\"@id\":\"https:\/\/bpf2024.flaw.uniba.sk\/#organization\"},\"potentialAction\":[{\"@type\":\"SearchAction\",\"target\":{\"@type\":\"EntryPoint\",\"urlTemplate\":\"https:\/\/bpf2024.flaw.uniba.sk\/?s={search_term_string}\"},\"query-input\":{\"@type\":\"PropertyValueSpecification\",\"valueRequired\":true,\"valueName\":\"search_term_string\"}}],\"inLanguage\":\"en-US\"},{\"@type\":\"Organization\",\"@id\":\"https:\/\/bpf2024.flaw.uniba.sk\/#organization\",\"name\":\"BPF\",\"url\":\"https:\/\/bpf2024.flaw.uniba.sk\/\",\"logo\":{\"@type\":\"ImageObject\",\"inLanguage\":\"en-US\",\"@id\":\"https:\/\/bpf2024.flaw.uniba.sk\/#\/schema\/logo\/image\/\",\"url\":\"https:\/\/bpf2024.flaw.uniba.sk\/wp-content\/uploads\/2024\/09\/cropped-logo-vlavo-sj.png\",\"contentUrl\":\"https:\/\/bpf2024.flaw.uniba.sk\/wp-content\/uploads\/2024\/09\/cropped-logo-vlavo-sj.png\",\"width\":2477,\"height\":1861,\"caption\":\"BPF\"},\"image\":{\"@id\":\"https:\/\/bpf2024.flaw.uniba.sk\/#\/schema\/logo\/image\/\"}}]}<\/script>\n<!-- \/ Yoast SEO plugin. -->","yoast_head_json":{"title":"Sekcia pr\u00e1va informa\u010dn\u00fdch technol\u00f3gi\u00ed a pr\u00e1va du\u0161evn\u00e9ho vlastn\u00edctva - BPF","robots":{"index":"index","follow":"follow","max-snippet":"max-snippet:-1","max-image-preview":"max-image-preview:large","max-video-preview":"max-video-preview:-1"},"canonical":"https:\/\/bpf2024.flaw.uniba.sk\/en\/sekcia-prava_it_a_pdv\/","og_locale":"en_US","og_type":"article","og_title":"Sekcia pr\u00e1va informa\u010dn\u00fdch technol\u00f3gi\u00ed a pr\u00e1va du\u0161evn\u00e9ho vlastn\u00edctva - BPF","og_description":"Pr\u00e1vo a technol\u00f3gie v 21. storo\u010d\u00ed optikou eur\u00f3pskeho pr\u00e1va Sekcia sa zameria na komplexn\u00fd a dynamick\u00fd vz\u0165ah medzi pr\u00e1vom a technol\u00f3giami v s\u00fa\u010dasnom svete. Predmetom diskusie bud\u00fa k\u013e\u00fa\u010dov\u00e9 ot\u00e1zky t\u00fdkaj\u00face sa vplyvu technologick\u00e9ho pokroku na pr\u00e1vne regul\u00e1cie, nov\u00fdch v\u00fdziev v digit\u00e1lnom veku, bud\u00facnosti regul\u00e1cie a etiky informa\u010dn\u00fdch a komunika\u010dn\u00fdch technol\u00f3gi\u00ed. Osobitne sa sekcia bude venova\u0165 [&hellip;]","og_url":"https:\/\/bpf2024.flaw.uniba.sk\/en\/sekcia-prava_it_a_pdv\/","og_site_name":"BPF","article_modified_time":"2024-09-05T08:14:35+00:00","og_image":[{"url":"https:\/\/bpf.flaw.uniba.sk\/wp-content\/uploads\/2024\/09\/logo-miiri-farebne-sk-1024x235.png","type":"","width":"","height":""}],"twitter_card":"summary_large_image","twitter_misc":{"Est. reading time":"1 minute"},"schema":{"@context":"https:\/\/schema.org","@graph":[{"@type":"WebPage","@id":"https:\/\/bpf2024.flaw.uniba.sk\/sekcia-prava_it_a_pdv\/","url":"https:\/\/bpf2024.flaw.uniba.sk\/sekcia-prava_it_a_pdv\/","name":"Sekcia pr\u00e1va informa\u010dn\u00fdch technol\u00f3gi\u00ed a pr\u00e1va du\u0161evn\u00e9ho vlastn\u00edctva - BPF","isPartOf":{"@id":"https:\/\/bpf2024.flaw.uniba.sk\/#website"},"primaryImageOfPage":{"@id":"https:\/\/bpf2024.flaw.uniba.sk\/sekcia-prava_it_a_pdv\/#primaryimage"},"image":{"@id":"https:\/\/bpf2024.flaw.uniba.sk\/sekcia-prava_it_a_pdv\/#primaryimage"},"thumbnailUrl":"https:\/\/bpf.flaw.uniba.sk\/wp-content\/uploads\/2024\/09\/logo-miiri-farebne-sk-1024x235.png","datePublished":"2021-03-17T12:27:34+00:00","dateModified":"2024-09-05T08:14:35+00:00","breadcrumb":{"@id":"https:\/\/bpf2024.flaw.uniba.sk\/sekcia-prava_it_a_pdv\/#breadcrumb"},"inLanguage":"en-US","potentialAction":[{"@type":"ReadAction","target":["https:\/\/bpf2024.flaw.uniba.sk\/sekcia-prava_it_a_pdv\/"]}]},{"@type":"ImageObject","inLanguage":"en-US","@id":"https:\/\/bpf2024.flaw.uniba.sk\/sekcia-prava_it_a_pdv\/#primaryimage","url":"https:\/\/bpf.flaw.uniba.sk\/wp-content\/uploads\/2024\/09\/logo-miiri-farebne-sk-1024x235.png","contentUrl":"https:\/\/bpf.flaw.uniba.sk\/wp-content\/uploads\/2024\/09\/logo-miiri-farebne-sk-1024x235.png"},{"@type":"BreadcrumbList","@id":"https:\/\/bpf2024.flaw.uniba.sk\/sekcia-prava_it_a_pdv\/#breadcrumb","itemListElement":[{"@type":"ListItem","position":1,"name":"Home","item":"https:\/\/bpf2024.flaw.uniba.sk\/"},{"@type":"ListItem","position":2,"name":"Sekcia pr\u00e1va informa\u010dn\u00fdch technol\u00f3gi\u00ed a pr\u00e1va du\u0161evn\u00e9ho vlastn\u00edctva"}]},{"@type":"WebSite","@id":"https:\/\/bpf2024.flaw.uniba.sk\/#website","url":"https:\/\/bpf2024.flaw.uniba.sk\/","name":"BLF","description":"","publisher":{"@id":"https:\/\/bpf2024.flaw.uniba.sk\/#organization"},"potentialAction":[{"@type":"SearchAction","target":{"@type":"EntryPoint","urlTemplate":"https:\/\/bpf2024.flaw.uniba.sk\/?s={search_term_string}"},"query-input":{"@type":"PropertyValueSpecification","valueRequired":true,"valueName":"search_term_string"}}],"inLanguage":"en-US"},{"@type":"Organization","@id":"https:\/\/bpf2024.flaw.uniba.sk\/#organization","name":"BLF","url":"https:\/\/bpf2024.flaw.uniba.sk\/","logo":{"@type":"ImageObject","inLanguage":"en-US","@id":"https:\/\/bpf2024.flaw.uniba.sk\/#\/schema\/logo\/image\/","url":"https:\/\/bpf2024.flaw.uniba.sk\/wp-content\/uploads\/2024\/09\/cropped-logo-vlavo-sj.png","contentUrl":"https:\/\/bpf2024.flaw.uniba.sk\/wp-content\/uploads\/2024\/09\/cropped-logo-vlavo-sj.png","width":2477,"height":1861,"caption":"BPF"},"image":{"@id":"https:\/\/bpf2024.flaw.uniba.sk\/#\/schema\/logo\/image\/"}}]}},"_links":{"self":[{"href":"https:\/\/bpf2024.flaw.uniba.sk\/en\/wp-json\/wp\/v2\/pages\/409","targetHints":{"allow":["GET"]}}],"collection":[{"href":"https:\/\/bpf2024.flaw.uniba.sk\/en\/wp-json\/wp\/v2\/pages"}],"about":[{"href":"https:\/\/bpf2024.flaw.uniba.sk\/en\/wp-json\/wp\/v2\/types\/page"}],"author":[{"embeddable":true,"href":"https:\/\/bpf2024.flaw.uniba.sk\/en\/wp-json\/wp\/v2\/users\/2"}],"replies":[{"embeddable":true,"href":"https:\/\/bpf2024.flaw.uniba.sk\/en\/wp-json\/wp\/v2\/comments?post=409"}],"version-history":[{"count":10,"href":"https:\/\/bpf2024.flaw.uniba.sk\/en\/wp-json\/wp\/v2\/pages\/409\/revisions"}],"predecessor-version":[{"id":1574,"href":"https:\/\/bpf2024.flaw.uniba.sk\/en\/wp-json\/wp\/v2\/pages\/409\/revisions\/1574"}],"wp:attachment":[{"href":"https:\/\/bpf2024.flaw.uniba.sk\/en\/wp-json\/wp\/v2\/media?parent=409"}],"curies":[{"name":"wp","href":"https:\/\/api.w.org\/{rel}","templated":true}]}}