{"id":399,"date":"2021-03-17T13:25:51","date_gmt":"2021-03-17T12:25:51","guid":{"rendered":"https:\/\/bpf.flaw.uniba.sk\/?page_id=399"},"modified":"2024-05-14T14:06:38","modified_gmt":"2024-05-14T12:06:38","slug":"sekcia-teorie-prava-filozofie-prava","status":"publish","type":"page","link":"https:\/\/bpf2024.flaw.uniba.sk\/en\/sekcia-teorie-prava-filozofie-prava\/","title":{"rendered":"Theory of Law and Philosophy of Law Section"},"content":{"rendered":"<h2 class=\"wp-block-heading alignwide has-text-align-center\">The Clash of Conservative and Progressive Values in Law<\/h2>\n\n\n\n<p class=\"has-drop-cap\">In recent years, the Western world has experienced the so often invoked social polarization, a significant part of which is the clash between conservatism and progressivism. Of course, this is also manifested in the field of law. The section welcomes contributions devoted to human rights moments of this clash, tensions between the idea of liberal democracy and civic republicanism, questions of the place of religion in public life, natural-law or other philosophical arguments that are at play in this clash or perhaps the historical aspects of the issue.<\/p>\n\n\n\n<p><strong>Guarantors of the section:<\/strong><\/p>\n\n\n\n<p>prof. Mgr. \u013dubom\u00edr Batka, Dr. theol.<\/p>","protected":false},"excerpt":{"rendered":"<p>Stret konzervat\u00edvnych a progres\u00edvnych hodn\u00f4t v pr\u00e1ve V posledn\u00fdch rokoch za\u017e\u00edva z\u00e1padn\u00fd svet tak \u010dasto sklo\u0148ovan\u00fa spolo\u010densk\u00fa polariz\u00e1ciu, ktorej nezanedbate\u013enou s\u00fa\u010das\u0165ou je stret medzi konzervativizmom a progresivizmom. Ten sa, pochopite\u013ene, prejavuje aj na poli pr\u00e1va. Sekcia priv\u00edta pr\u00edspevky venovan\u00e9 \u013eudskopr\u00e1vnym momentom tohto stretu, nap\u00e4tiam medzi ideou liber\u00e1lnej demokracie a ob\u010dianskym republikanizmom, ot\u00e1zkam miesta n\u00e1bo\u017eenstva vo [&hellip;]<\/p>\n","protected":false},"author":2,"featured_media":0,"parent":0,"menu_order":0,"comment_status":"closed","ping_status":"closed","template":"","meta":{"ngg_post_thumbnail":0,"footnotes":""},"class_list":["post-399","page","type-page","status-publish","hentry"],"yoast_head":"<!-- This site is optimized with the Yoast SEO plugin v27.2 - https:\/\/yoast.com\/product\/yoast-seo-wordpress\/ -->\n<title>Sekcia te\u00f3rie pr\u00e1va a filozofie pr\u00e1va - BPF<\/title>\n<meta name=\"robots\" content=\"index, follow, max-snippet:-1, max-image-preview:large, max-video-preview:-1\" \/>\n<link rel=\"canonical\" href=\"https:\/\/bpf2024.flaw.uniba.sk\/en\/sekcia-teorie-prava-filozofie-prava\/\" \/>\n<meta property=\"og:locale\" content=\"en_US\" \/>\n<meta property=\"og:type\" content=\"article\" \/>\n<meta property=\"og:title\" content=\"Sekcia te\u00f3rie pr\u00e1va a filozofie pr\u00e1va - BPF\" \/>\n<meta property=\"og:description\" content=\"Stret konzervat\u00edvnych a progres\u00edvnych hodn\u00f4t v pr\u00e1ve V posledn\u00fdch rokoch za\u017e\u00edva z\u00e1padn\u00fd svet tak \u010dasto sklo\u0148ovan\u00fa spolo\u010densk\u00fa polariz\u00e1ciu, ktorej nezanedbate\u013enou s\u00fa\u010das\u0165ou je stret medzi konzervativizmom a progresivizmom. Ten sa, pochopite\u013ene, prejavuje aj na poli pr\u00e1va. Sekcia priv\u00edta pr\u00edspevky venovan\u00e9 \u013eudskopr\u00e1vnym momentom tohto stretu, nap\u00e4tiam medzi ideou liber\u00e1lnej demokracie a ob\u010dianskym republikanizmom, ot\u00e1zkam miesta n\u00e1bo\u017eenstva vo [&hellip;]\" \/>\n<meta property=\"og:url\" content=\"https:\/\/bpf2024.flaw.uniba.sk\/en\/sekcia-teorie-prava-filozofie-prava\/\" \/>\n<meta property=\"og:site_name\" content=\"BPF\" \/>\n<meta property=\"article:modified_time\" content=\"2024-05-14T12:06:38+00:00\" \/>\n<meta name=\"twitter:card\" content=\"summary_large_image\" \/>\n<meta name=\"twitter:label1\" content=\"Est. reading time\" \/>\n\t<meta name=\"twitter:data1\" content=\"1 minute\" \/>\n<script type=\"application\/ld+json\" class=\"yoast-schema-graph\">{\"@context\":\"https:\/\/schema.org\",\"@graph\":[{\"@type\":\"WebPage\",\"@id\":\"https:\/\/bpf2024.flaw.uniba.sk\/sekcia-teorie-prava-filozofie-prava\/\",\"url\":\"https:\/\/bpf2024.flaw.uniba.sk\/sekcia-teorie-prava-filozofie-prava\/\",\"name\":\"Sekcia te\u00f3rie pr\u00e1va a filozofie pr\u00e1va - BPF\",\"isPartOf\":{\"@id\":\"https:\/\/bpf2024.flaw.uniba.sk\/#website\"},\"datePublished\":\"2021-03-17T12:25:51+00:00\",\"dateModified\":\"2024-05-14T12:06:38+00:00\",\"breadcrumb\":{\"@id\":\"https:\/\/bpf2024.flaw.uniba.sk\/sekcia-teorie-prava-filozofie-prava\/#breadcrumb\"},\"inLanguage\":\"en-US\",\"potentialAction\":[{\"@type\":\"ReadAction\",\"target\":[\"https:\/\/bpf2024.flaw.uniba.sk\/sekcia-teorie-prava-filozofie-prava\/\"]}]},{\"@type\":\"BreadcrumbList\",\"@id\":\"https:\/\/bpf2024.flaw.uniba.sk\/sekcia-teorie-prava-filozofie-prava\/#breadcrumb\",\"itemListElement\":[{\"@type\":\"ListItem\",\"position\":1,\"name\":\"Home\",\"item\":\"https:\/\/bpf2024.flaw.uniba.sk\/\"},{\"@type\":\"ListItem\",\"position\":2,\"name\":\"Sekcia te\u00f3rie pr\u00e1va a filozofie pr\u00e1va\"}]},{\"@type\":\"WebSite\",\"@id\":\"https:\/\/bpf2024.flaw.uniba.sk\/#website\",\"url\":\"https:\/\/bpf2024.flaw.uniba.sk\/\",\"name\":\"BPF\",\"description\":\"\",\"publisher\":{\"@id\":\"https:\/\/bpf2024.flaw.uniba.sk\/#organization\"},\"potentialAction\":[{\"@type\":\"SearchAction\",\"target\":{\"@type\":\"EntryPoint\",\"urlTemplate\":\"https:\/\/bpf2024.flaw.uniba.sk\/?s={search_term_string}\"},\"query-input\":{\"@type\":\"PropertyValueSpecification\",\"valueRequired\":true,\"valueName\":\"search_term_string\"}}],\"inLanguage\":\"en-US\"},{\"@type\":\"Organization\",\"@id\":\"https:\/\/bpf2024.flaw.uniba.sk\/#organization\",\"name\":\"BPF\",\"url\":\"https:\/\/bpf2024.flaw.uniba.sk\/\",\"logo\":{\"@type\":\"ImageObject\",\"inLanguage\":\"en-US\",\"@id\":\"https:\/\/bpf2024.flaw.uniba.sk\/#\/schema\/logo\/image\/\",\"url\":\"https:\/\/bpf2024.flaw.uniba.sk\/wp-content\/uploads\/2024\/09\/cropped-logo-vlavo-sj.png\",\"contentUrl\":\"https:\/\/bpf2024.flaw.uniba.sk\/wp-content\/uploads\/2024\/09\/cropped-logo-vlavo-sj.png\",\"width\":2477,\"height\":1861,\"caption\":\"BPF\"},\"image\":{\"@id\":\"https:\/\/bpf2024.flaw.uniba.sk\/#\/schema\/logo\/image\/\"}}]}<\/script>\n<!-- \/ Yoast SEO plugin. -->","yoast_head_json":{"title":"Sekcia te\u00f3rie pr\u00e1va a filozofie pr\u00e1va - BPF","robots":{"index":"index","follow":"follow","max-snippet":"max-snippet:-1","max-image-preview":"max-image-preview:large","max-video-preview":"max-video-preview:-1"},"canonical":"https:\/\/bpf2024.flaw.uniba.sk\/en\/sekcia-teorie-prava-filozofie-prava\/","og_locale":"en_US","og_type":"article","og_title":"Sekcia te\u00f3rie pr\u00e1va a filozofie pr\u00e1va - BPF","og_description":"Stret konzervat\u00edvnych a progres\u00edvnych hodn\u00f4t v pr\u00e1ve V posledn\u00fdch rokoch za\u017e\u00edva z\u00e1padn\u00fd svet tak \u010dasto sklo\u0148ovan\u00fa spolo\u010densk\u00fa polariz\u00e1ciu, ktorej nezanedbate\u013enou s\u00fa\u010das\u0165ou je stret medzi konzervativizmom a progresivizmom. Ten sa, pochopite\u013ene, prejavuje aj na poli pr\u00e1va. Sekcia priv\u00edta pr\u00edspevky venovan\u00e9 \u013eudskopr\u00e1vnym momentom tohto stretu, nap\u00e4tiam medzi ideou liber\u00e1lnej demokracie a ob\u010dianskym republikanizmom, ot\u00e1zkam miesta n\u00e1bo\u017eenstva vo [&hellip;]","og_url":"https:\/\/bpf2024.flaw.uniba.sk\/en\/sekcia-teorie-prava-filozofie-prava\/","og_site_name":"BPF","article_modified_time":"2024-05-14T12:06:38+00:00","twitter_card":"summary_large_image","twitter_misc":{"Est. reading time":"1 minute"},"schema":{"@context":"https:\/\/schema.org","@graph":[{"@type":"WebPage","@id":"https:\/\/bpf2024.flaw.uniba.sk\/sekcia-teorie-prava-filozofie-prava\/","url":"https:\/\/bpf2024.flaw.uniba.sk\/sekcia-teorie-prava-filozofie-prava\/","name":"Sekcia te\u00f3rie pr\u00e1va a filozofie pr\u00e1va - BPF","isPartOf":{"@id":"https:\/\/bpf2024.flaw.uniba.sk\/#website"},"datePublished":"2021-03-17T12:25:51+00:00","dateModified":"2024-05-14T12:06:38+00:00","breadcrumb":{"@id":"https:\/\/bpf2024.flaw.uniba.sk\/sekcia-teorie-prava-filozofie-prava\/#breadcrumb"},"inLanguage":"en-US","potentialAction":[{"@type":"ReadAction","target":["https:\/\/bpf2024.flaw.uniba.sk\/sekcia-teorie-prava-filozofie-prava\/"]}]},{"@type":"BreadcrumbList","@id":"https:\/\/bpf2024.flaw.uniba.sk\/sekcia-teorie-prava-filozofie-prava\/#breadcrumb","itemListElement":[{"@type":"ListItem","position":1,"name":"Home","item":"https:\/\/bpf2024.flaw.uniba.sk\/"},{"@type":"ListItem","position":2,"name":"Sekcia te\u00f3rie pr\u00e1va a filozofie pr\u00e1va"}]},{"@type":"WebSite","@id":"https:\/\/bpf2024.flaw.uniba.sk\/#website","url":"https:\/\/bpf2024.flaw.uniba.sk\/","name":"BLF","description":"","publisher":{"@id":"https:\/\/bpf2024.flaw.uniba.sk\/#organization"},"potentialAction":[{"@type":"SearchAction","target":{"@type":"EntryPoint","urlTemplate":"https:\/\/bpf2024.flaw.uniba.sk\/?s={search_term_string}"},"query-input":{"@type":"PropertyValueSpecification","valueRequired":true,"valueName":"search_term_string"}}],"inLanguage":"en-US"},{"@type":"Organization","@id":"https:\/\/bpf2024.flaw.uniba.sk\/#organization","name":"BLF","url":"https:\/\/bpf2024.flaw.uniba.sk\/","logo":{"@type":"ImageObject","inLanguage":"en-US","@id":"https:\/\/bpf2024.flaw.uniba.sk\/#\/schema\/logo\/image\/","url":"https:\/\/bpf2024.flaw.uniba.sk\/wp-content\/uploads\/2024\/09\/cropped-logo-vlavo-sj.png","contentUrl":"https:\/\/bpf2024.flaw.uniba.sk\/wp-content\/uploads\/2024\/09\/cropped-logo-vlavo-sj.png","width":2477,"height":1861,"caption":"BPF"},"image":{"@id":"https:\/\/bpf2024.flaw.uniba.sk\/#\/schema\/logo\/image\/"}}]}},"_links":{"self":[{"href":"https:\/\/bpf2024.flaw.uniba.sk\/en\/wp-json\/wp\/v2\/pages\/399","targetHints":{"allow":["GET"]}}],"collection":[{"href":"https:\/\/bpf2024.flaw.uniba.sk\/en\/wp-json\/wp\/v2\/pages"}],"about":[{"href":"https:\/\/bpf2024.flaw.uniba.sk\/en\/wp-json\/wp\/v2\/types\/page"}],"author":[{"embeddable":true,"href":"https:\/\/bpf2024.flaw.uniba.sk\/en\/wp-json\/wp\/v2\/users\/2"}],"replies":[{"embeddable":true,"href":"https:\/\/bpf2024.flaw.uniba.sk\/en\/wp-json\/wp\/v2\/comments?post=399"}],"version-history":[{"count":10,"href":"https:\/\/bpf2024.flaw.uniba.sk\/en\/wp-json\/wp\/v2\/pages\/399\/revisions"}],"predecessor-version":[{"id":1324,"href":"https:\/\/bpf2024.flaw.uniba.sk\/en\/wp-json\/wp\/v2\/pages\/399\/revisions\/1324"}],"wp:attachment":[{"href":"https:\/\/bpf2024.flaw.uniba.sk\/en\/wp-json\/wp\/v2\/media?parent=399"}],"curies":[{"name":"wp","href":"https:\/\/api.w.org\/{rel}","templated":true}]}}